{"id":53460,"date":"2026-08-26T09:28:52","date_gmt":"2026-08-26T07:28:52","guid":{"rendered":"https:\/\/yupie.app\/?post_type=product&#038;p=53460"},"modified":"2026-08-26T09:29:46","modified_gmt":"2026-08-26T07:29:46","slug":"audi-80-b4-2-0-benzines-youngtimer-1992","status":"publish","type":"product","link":"https:\/\/yupie.app\/ro\/product\/audi-80-b4-2-0-benzines-youngtimer-1992\/","title":{"rendered":"Audi 80 B4 2.0 benzines youngtimer \u2013 1992"},"content":{"rendered":"<h3 class=\"PDq2pG_selectionAnchorContainer\" data-section-id=\"1e757da\" data-start=\"324\" data-end=\"412\">Ritka Audi 80 B4 youngtimer \u2013 id\u0151t\u00e1ll\u00f3 n\u00e9met klasszikus \u00e9rt\u00e9kn\u00f6veked\u00e9si lehet\u0151s\u00e9ggel<\/h3>\n<p data-start=\"414\" data-end=\"601\">Elad\u00f3 egy <strong data-start=\"424\" data-end=\"470\">1992-es Audi 80 B4 2.0 benzines youngtimer<\/strong>, amely nemcsak haszn\u00e1lhat\u00f3 g\u00e9pj\u00e1rm\u0171, hanem a n\u00e9met aut\u00f3gy\u00e1rt\u00e1s egy let\u0171nt korszak\u00e1nak egyre ritk\u00e1bban megtal\u00e1lhat\u00f3 k\u00e9pvisel\u0151je is.<\/p>\n<p data-start=\"603\" data-end=\"857\">Az Audi 80 B4 a kilencvenes \u00e9vek egyik meghat\u00e1roz\u00f3 pr\u00e9mium k\u00f6z\u00e9pkateg\u00f3ri\u00e1s modellje volt. Tart\u00f3s szerkezete, visszafogott eleganci\u00e1ja \u00e9s kiv\u00e1l\u00f3 \u00f6sszeszerel\u00e9si min\u0151s\u00e9ge miatt ma is elismert t\u00edpus az Audi-rajong\u00f3k \u00e9s a klasszikus aut\u00f3k kedvel\u0151inek k\u00f6r\u00e9ben.<\/p>\n<p data-start=\"859\" data-end=\"1102\">Ahogy az \u00e9vek m\u00falnak, egyre kevesebb eredeti karakter\u00e9t meg\u0151rz\u0151 Audi 80 B4 marad fenn. Sok p\u00e9ld\u00e1nyt elhaszn\u00e1ltak, \u00e1talak\u00edtottak vagy v\u00e9gleg kivontak a forgalomb\u00f3l, ez\u00e9rt a megmaradt aut\u00f3k ritkas\u00e1ga \u00e9s gy\u0171jt\u0151i jelent\u0151s\u00e9ge fokozatosan n\u00f6vekszik.<\/p>\n<h3 data-section-id=\"a6r7se\" data-start=\"1104\" data-end=\"1154\">T\u00f6bb mint harminc\u00e9ves, meg\u0151rz\u00e9sre \u00e9rdemes Audi<\/h3>\n<p data-start=\"1156\" data-end=\"1416\">Az aut\u00f3 els\u0151 forgalomba helyez\u00e9s\u00e9nek id\u0151pontja 1992. m\u00e1jus 14., \u00edgy m\u00e1r t\u00f6bb mint harminc\u00e9ves. Ebben az \u00e9letkorban egy Audi 80 B4 m\u00e1r nem csup\u00e1n r\u00e9gi haszn\u00e1ltaut\u00f3, hanem egy <strong data-start=\"1330\" data-end=\"1415\">meg\u0151rz\u00e9sre \u00e9s fel\u00faj\u00edt\u00e1sra \u00e9rdemes youngtimer, illetve kibontakoz\u00f3 klasszikus aut\u00f3<\/strong>.<\/p>\n<p data-start=\"1418\" data-end=\"1471\">\u00c9rt\u00e9k\u00e9t k\u00fcl\u00f6n\u00f6sen az al\u00e1bbi tulajdons\u00e1gok n\u00f6velhetik:<\/p>\n<ul data-start=\"1473\" data-end=\"1844\">\n<li data-section-id=\"ouzrha\" data-start=\"1473\" data-end=\"1518\">t\u00f6bb mint harminc\u00e9ves, egyre ritk\u00e1bb t\u00edpus;<\/li>\n<li data-section-id=\"15f21o8\" data-start=\"1520\" data-end=\"1562\">klasszikus, n\u00e9gyajt\u00f3s szed\u00e1nkarossz\u00e9ria;<\/li>\n<li data-section-id=\"11osppr\" data-start=\"1564\" data-end=\"1602\">hagyom\u00e1nyos 2.0 literes benzinmotor;<\/li>\n<li data-section-id=\"7nalej\" data-start=\"1604\" data-end=\"1636\">\u00f6tfokozat\u00fa k\u00e9zi sebess\u00e9gv\u00e1lt\u00f3;<\/li>\n<li data-section-id=\"1h2uaj0\" data-start=\"1638\" data-end=\"1680\">jellegzetes, eredeti Audi B4 formavil\u00e1g;<\/li>\n<li data-section-id=\"1672bky\" data-start=\"1682\" data-end=\"1714\">napf\u00e9nytet\u0151 \u00e9s els\u0151 \u00fcl\u00e9sf\u0171t\u00e9s;<\/li>\n<li data-section-id=\"1vs8dbx\" data-start=\"1716\" data-end=\"1746\">ABS blokkol\u00e1sg\u00e1tl\u00f3 rendszer;<\/li>\n<li data-section-id=\"1j1y3oz\" data-start=\"1748\" data-end=\"1777\">korh\u0171 utast\u00e9r \u00e9s m\u0171szerfal;<\/li>\n<li data-section-id=\"q924cn\" data-start=\"1779\" data-end=\"1798\">k\u00f6nny\u0171f\u00e9m felnik;<\/li>\n<li data-section-id=\"13ihi1r\" data-start=\"1800\" data-end=\"1844\">fel\u00faj\u00edthat\u00f3 \u00e9s tov\u00e1bb \u00e9rt\u00e9kelhet\u0151 \u00e1llapot.<\/li>\n<\/ul>\n<h3 data-section-id=\"stpist\" data-start=\"1846\" data-end=\"1901\">Klasszikus Audi-forma, amely nem megy ki a divatb\u00f3l<\/h3>\n<p data-start=\"1903\" data-end=\"2101\">Az Audi 80 B4 egyik legfontosabb \u00e9rt\u00e9ke az id\u0151t\u00e1ll\u00f3 kialak\u00edt\u00e1sa. A hat\u00e1rozott karossz\u00e9riavonalak, a sz\u00f6gletes f\u00e9nysz\u00f3r\u00f3k, a n\u00e9gykarik\u00e1s h\u0171t\u0151r\u00e1cs \u00e9s az eleg\u00e1ns szed\u00e1nforma ma is azonnal felismerhet\u0151.<\/p>\n<p data-start=\"2103\" data-end=\"2418\">Ez a modell abb\u00f3l a korszakb\u00f3l sz\u00e1rmazik, amikor az aut\u00f3k tervez\u00e9s\u00e9n\u00e9l a tart\u00f3ss\u00e1g, a funkcionalit\u00e1s \u00e9s a hossz\u00fa \u00e9lettartam kiemelt szempont volt. Az egyszer\u0171, harmonikus forma nemcsak nosztalgikus, hanem egyre vonz\u00f3bb azok sz\u00e1m\u00e1ra is, akik a modern aut\u00f3k mellett valami karakteresebbet \u00e9s k\u00fcl\u00f6nlegesebbet keresnek.<\/p>\n<h3 data-section-id=\"xx3g9m\" data-start=\"2420\" data-end=\"2472\">2.0 literes benzines motor k\u00e9zi sebess\u00e9gv\u00e1lt\u00f3val<\/h3>\n<p data-start=\"2474\" data-end=\"2613\">Az Audi 80 B4 1984 cm\u00b3-es, 66 kW-os, k\u00f6r\u00fclbel\u00fcl 90 l\u00f3er\u0151s benzinmotorral rendelkezik. A motorhoz \u00f6tfokozat\u00fa k\u00e9zi sebess\u00e9gv\u00e1lt\u00f3 kapcsol\u00f3dik.<\/p>\n<p data-start=\"2615\" data-end=\"2857\">A hagyom\u00e1nyos benzines hajt\u00e1s \u00e9s a k\u00e9zi v\u00e1lt\u00f3 fontos youngtimer-\u00e9rt\u00e9ket k\u00e9pvisel. Ezek a konstrukci\u00f3k egyszer\u0171bbek, k\u00f6zvetlenebb vezet\u00e9si \u00e9lm\u00e9nyt k\u00edn\u00e1lnak, \u00e9s kev\u00e9sb\u00e9 f\u00fcggenek a modern aut\u00f3kban megszokott bonyolult elektronikai rendszerekt\u0151l.<\/p>\n<h3 data-section-id=\"x753y5\" data-start=\"2859\" data-end=\"2900\">Ritka, \u00e9rt\u00e9kes k\u00e9nyelmi felszerelts\u00e9g<\/h3>\n<p data-start=\"2902\" data-end=\"3033\">A k\u00e9peken l\u00e1that\u00f3 aut\u00f3 t\u00f6bb olyan felszerelts\u00e9gi elemmel rendelkezik, amely egy 1992-es modell eset\u00e9ben k\u00fcl\u00f6n\u00f6sen figyelemre m\u00e9lt\u00f3:<\/p>\n<ul data-start=\"3035\" data-end=\"3246\">\n<li data-section-id=\"xiy1j1\" data-start=\"3035\" data-end=\"3062\">\u00e1ll\u00edthat\u00f3 els\u0151 \u00fcl\u00e9sf\u0171t\u00e9s;<\/li>\n<li data-section-id=\"1028qn2\" data-start=\"3064\" data-end=\"3085\">ABS blokkol\u00e1sg\u00e1tl\u00f3;<\/li>\n<li data-section-id=\"17tl8w0\" data-start=\"3087\" data-end=\"3101\">napf\u00e9nytet\u0151;<\/li>\n<li data-section-id=\"q924cn\" data-start=\"3103\" data-end=\"3122\">k\u00f6nny\u0171f\u00e9m felnik;<\/li>\n<li data-section-id=\"15d8mtl\" data-start=\"3124\" data-end=\"3160\">k\u00e9zi vez\u00e9rl\u00e9s\u0171 f\u0171t\u00e9s \u00e9s szell\u0151z\u00e9s;<\/li>\n<li data-section-id=\"bezyj1\" data-start=\"3162\" data-end=\"3204\">h\u00e1rom kieg\u00e9sz\u00edt\u0151 m\u0171szer a k\u00f6z\u00e9pkonzolon;<\/li>\n<li data-section-id=\"1bssfis\" data-start=\"3206\" data-end=\"3246\">USB-csatlakoz\u00e1ssal ell\u00e1tott aut\u00f3r\u00e1di\u00f3.<\/li>\n<\/ul>\n<p data-start=\"3248\" data-end=\"3404\">Az \u00fcl\u00e9sf\u0171t\u00e9s \u00e9s a napf\u00e9nytet\u0151 n\u00f6veli az aut\u00f3 haszn\u00e1lati \u00e9rt\u00e9k\u00e9t, ugyanakkor k\u00fcl\u00f6nlegesebb\u00e9 is teszi az egyszer\u0171bb felszerelts\u00e9g\u0171 Audi 80 modellekhez k\u00e9pest.<\/p>\n<h3 data-section-id=\"vnpw7y\" data-start=\"3406\" data-end=\"3451\">Youngtimer \u00e9rt\u00e9k \u00e9s hossz\u00fa t\u00e1v\u00fa lehet\u0151s\u00e9g<\/h3>\n<p data-start=\"3453\" data-end=\"3687\">A klasszikus aut\u00f3k piac\u00e1n \u00e1ltal\u00e1ban azok a t\u00edpusok v\u00e1lnak id\u0151vel keresett\u00e9, amelyek egy meghat\u00e1roz\u00f3 korszakot k\u00e9pviselnek, j\u00f3 h\u00edrn\u00e9vvel rendelkeznek, \u00e9s egyre kisebb sz\u00e1mban maradnak fenn. Az Audi 80 B4 mindh\u00e1rom felt\u00e9telnek megfelel.<\/p>\n<p data-start=\"3689\" data-end=\"3761\">Egy szakszer\u0171en meg\u0151rz\u00f6tt vagy helyre\u00e1ll\u00edtott p\u00e9ld\u00e1ny \u00e9rt\u00e9k\u00e9t n\u00f6velheti:<\/p>\n<ul data-start=\"3763\" data-end=\"4009\">\n<li data-section-id=\"56ffgk\" data-start=\"3763\" data-end=\"3794\">az eredeti \u00e1llapot meg\u0151rz\u00e9se;<\/li>\n<li data-section-id=\"1pjezy7\" data-start=\"3796\" data-end=\"3827\">a korr\u00f3zi\u00f3mentes karossz\u00e9ria;<\/li>\n<li data-section-id=\"1xau3k0\" data-start=\"3829\" data-end=\"3853\">a dokument\u00e1lt el\u0151\u00e9let;<\/li>\n<li data-section-id=\"1pzgjew\" data-start=\"3855\" data-end=\"3899\">a gy\u00e1ri vagy korh\u0171 alkatr\u00e9szek haszn\u00e1lata;<\/li>\n<li data-section-id=\"1urhl4t\" data-start=\"3901\" data-end=\"3939\">a m\u0171k\u00f6d\u0151k\u00e9pes eredeti felszerelts\u00e9g;<\/li>\n<li data-section-id=\"veylm6\" data-start=\"3941\" data-end=\"3964\">a rendezett okm\u00e1nyok;<\/li>\n<li data-section-id=\"1hyyvdu\" data-start=\"3966\" data-end=\"4009\">a rendszeres \u00e9s dokument\u00e1lt karbantart\u00e1s.<\/li>\n<\/ul>\n<p data-start=\"4011\" data-end=\"4209\">Az aut\u00f3 ez\u00e9rt nemcsak h\u00e9tv\u00e9gi haszn\u00e1latra vagy hobbij\u00e1rm\u0171nek lehet \u00e9rdekes, hanem olyan tulajdonos sz\u00e1m\u00e1ra is, aki egy megfizethet\u0151, m\u00e9gis egyre ritk\u00e1bb klasszikus Audi meg\u0151rz\u00e9s\u00e9ben l\u00e1t lehet\u0151s\u00e9get.<\/p>\n<p data-start=\"4211\" data-end=\"4411\">Az \u00e9rt\u00e9kn\u00f6veked\u00e9s term\u00e9szetesen nem garant\u00e1lhat\u00f3, de a megmaradt, j\u00f3 \u00e1llapot\u00fa Audi 80 B4 modellek cs\u00f6kken\u0151 sz\u00e1ma \u00e9s a klasszikus n\u00e9met aut\u00f3k ir\u00e1nti \u00e9rdekl\u0151d\u00e9s kedvez\u0151 hossz\u00fa t\u00e1v\u00fa potenci\u00e1lt jelenthet.<\/p>\n<h3 data-section-id=\"1rtsz7d\" data-start=\"4413\" data-end=\"4457\">Ide\u00e1lis alap egy \u00e9rt\u00e9kment\u0151 fel\u00faj\u00edt\u00e1shoz<\/h3>\n<p data-start=\"4459\" data-end=\"4649\">A f\u00e9nyk\u00e9peken l\u00e1that\u00f3 aut\u00f3 kor\u00e1nak megfelel\u0151, haszn\u00e1lt \u00e1llapotban van. K\u00fcls\u0151 \u00e9s bels\u0151 tiszt\u00edt\u00e1st, valamint eszt\u00e9tikai felfriss\u00edt\u00e9st ig\u00e9nyel, a karossz\u00e9ri\u00e1n kisebb haszn\u00e1lati nyomok l\u00e1that\u00f3k.<\/p>\n<p data-start=\"4651\" data-end=\"4946\">\u00c9ppen ez teszi \u00e9rdekess\u00e9 azok sz\u00e1m\u00e1ra, akik saj\u00e1t elk\u00e9pzel\u00e9s\u00fck szerint szeretn\u00e9nek rendbe hozni egy klasszikus Audit. Egy gondosan elv\u00e9gzett m\u0171szaki \u00e1tvizsg\u00e1l\u00e1s, korr\u00f3zi\u00f3v\u00e9delem, pol\u00edroz\u00e1s \u00e9s korh\u0171 helyre\u00e1ll\u00edt\u00e1s jelent\u0151sen jav\u00edthatja az aut\u00f3 megjelen\u00e9s\u00e9t, haszn\u00e1lati \u00e9rt\u00e9k\u00e9t \u00e9s piaci vonzerej\u00e9t.<\/p>\n<h3 data-section-id=\"gxevp8\" data-start=\"4948\" data-end=\"4967\">Kinek aj\u00e1nlott?<\/h3>\n<p data-start=\"4969\" data-end=\"5010\">Ez az Audi 80 B4 ide\u00e1lis v\u00e1laszt\u00e1s lehet:<\/p>\n<ul data-start=\"5012\" data-end=\"5299\">\n<li data-section-id=\"u0s0vd\" data-start=\"5012\" data-end=\"5057\">youngtimer \u00e9s klasszikus aut\u00f3k kedvel\u0151inek;<\/li>\n<li data-section-id=\"136aqad\" data-start=\"5059\" data-end=\"5092\">Audi-rajong\u00f3knak \u00e9s gy\u0171jt\u0151knek;<\/li>\n<li data-section-id=\"kdbbrw\" data-start=\"5094\" data-end=\"5139\">\u00e9rt\u00e9kment\u0151 fel\u00faj\u00edt\u00e1si projektet keres\u0151knek;<\/li>\n<li data-section-id=\"yrieg6\" data-start=\"5141\" data-end=\"5189\">h\u00e9tv\u00e9gi vagy tal\u00e1lkoz\u00f3kra sz\u00e1nt hobbij\u00e1rm\u0171nek;<\/li>\n<li data-section-id=\"hpvim5\" data-start=\"5191\" data-end=\"5235\">nosztalgikus, karakteres aut\u00f3t keres\u0151knek;<\/li>\n<li data-section-id=\"mvg4ar\" data-start=\"5237\" data-end=\"5299\">azoknak, akik hosszabb t\u00e1von meg\u0151rizhet\u0151 t\u00edpust szeretn\u00e9nek.<\/li>\n<\/ul>\n<p data-start=\"5301\" data-end=\"5586\">Ez az <strong data-start=\"5307\" data-end=\"5342\">1992-es Audi 80 B4 2.0 benzines<\/strong> nem egy h\u00e9tk\u00f6znapi haszn\u00e1ltaut\u00f3. Egy egyre ritk\u00e1bb, karakteres youngtimer, amely a kilencvenes \u00e9vek Audi-min\u0151s\u00e9g\u00e9t k\u00e9pviseli. Megfelel\u0151 gondoskod\u00e1ssal nemcsak \u00f6r\u00f6mteli hobbij\u00e1rm\u0171v\u00e9, hanem hossz\u00fa t\u00e1von is meg\u0151rz\u00e9sre \u00e9rdemes klasszikuss\u00e1 v\u00e1lhat.<\/p>","protected":false},"excerpt":{"rendered":"<p>Elad\u00f3 egy <strong data-start=\"5632\" data-end=\"5685\">ritka, 1992-es Audi 80 B4 2.0 benzines youngtimer<\/strong>, 90 l\u00f3er\u0151s motorral \u00e9s \u00f6tfokozat\u00fa k\u00e9zi v\u00e1lt\u00f3val. Az \u00fcl\u00e9sf\u0171t\u00e9ssel, ABS-szel, napf\u00e9nytet\u0151vel \u00e9s alufelnikkel felszerelt klasszikus Audi kiv\u00e1l\u00f3 alap lehet \u00e9rt\u00e9kment\u0151 fel\u00faj\u00edt\u00e1shoz, h\u00e9tv\u00e9gi hobbij\u00e1rm\u0171nek vagy hossz\u00fa t\u00e1v\u00fa meg\u0151rz\u00e9sre.<\/p>","protected":false},"featured_media":53475,"template":"","meta":[],"product_brand":[],"product_cat":[2396],"product_tag":[4881,4882,4879,4892,4880,4885,4888,4890,4893,4889,4891,4883,4887,4884,4886],"class_list":["post-53460","product","type-product","status-publish","has-post-thumbnail","product_cat-auto-motor","product_tag-1992-es-audi","product_tag-2-0-benzines-audi","product_tag-audi-80-b4","product_tag-audi-szedan","product_tag-audi-youngtimer","product_tag-elado-youngtimer","product_tag-erteknovekedesi-potencial","product_tag-felujitando-audi","product_tag-gyujtoi-auto","product_tag-hobbi-auto","product_tag-kezi-valtos-audi","product_tag-klasszikus-audi","product_tag-nemet-klasszikus-auto","product_tag-ritka-audi-80","product_tag-veterankoru-auto","description-off","first","instock","shipping-taxable","purchasable","product-type-simple"],"yoast_head":"<!-- This site is optimized with the Yoast SEO plugin v28.3 - https:\/\/yoast.com\/product\/yoast-seo-wordpress\/ -->\n<title>Audi 80 B4 2.0 benzines youngtimer \u2013 1992<\/title>\n<meta name=\"description\" content=\"Elad\u00f3 ritka, 1992-es Audi 80 B4 youngtimer 2.0 benzines motorral, k\u00e9zi v\u00e1lt\u00f3val, \u00fcl\u00e9sf\u0171t\u00e9ssel, napf\u00e9nytet\u0151vel \u00e9s alufelnikkel.\" \/>\n<meta name=\"robots\" content=\"index, follow, max-snippet:-1, max-image-preview:large, max-video-preview:-1\" \/>\n<link rel=\"canonical\" href=\"https:\/\/yupie.app\/ro\/product\/audi-80-b4-2-0-benzines-youngtimer-1992\/\" \/>\n<meta property=\"og:locale\" content=\"ro_RO\" \/>\n<meta property=\"og:type\" content=\"article\" \/>\n<meta property=\"og:title\" content=\"Audi 80 B4 2.0 benzines youngtimer \u2013 1992\" \/>\n<meta property=\"og:description\" content=\"Elad\u00f3 ritka, 1992-es Audi 80 B4 youngtimer 2.0 benzines motorral, k\u00e9zi v\u00e1lt\u00f3val, \u00fcl\u00e9sf\u0171t\u00e9ssel, napf\u00e9nytet\u0151vel \u00e9s alufelnikkel.\" \/>\n<meta property=\"og:url\" content=\"https:\/\/yupie.app\/ro\/product\/audi-80-b4-2-0-benzines-youngtimer-1992\/\" \/>\n<meta property=\"og:site_name\" content=\"yupie.app\" \/>\n<meta property=\"article:publisher\" content=\"https:\/\/www.facebook.com\/profile.php?id=100089345417295\" \/>\n<meta property=\"article:modified_time\" content=\"2026-08-26T07:29:46+00:00\" \/>\n<meta property=\"og:image\" content=\"https:\/\/yupie.app\/wp-content\/uploads\/2026\/08\/1-23.png\" \/>\n\t<meta property=\"og:image:width\" content=\"1254\" \/>\n\t<meta property=\"og:image:height\" content=\"1254\" \/>\n\t<meta property=\"og:image:type\" content=\"image\/png\" \/>\n<meta name=\"twitter:card\" content=\"summary_large_image\" \/>\n<meta name=\"twitter:label1\" content=\"Timp estimat pentru citire\" \/>\n\t<meta name=\"twitter:data1\" content=\"4 minute\" \/>\n<script type=\"application\/ld+json\" class=\"yoast-schema-graph\">{\"@context\":\"https:\\\/\\\/schema.org\",\"@graph\":[{\"@type\":\"WebPage\",\"@id\":\"https:\\\/\\\/yupie.app\\\/product\\\/audi-80-b4-2-0-benzines-youngtimer-1992\\\/\",\"url\":\"https:\\\/\\\/yupie.app\\\/product\\\/audi-80-b4-2-0-benzines-youngtimer-1992\\\/\",\"name\":\"Audi 80 B4 2.0 benzines youngtimer \u2013 1992\",\"isPartOf\":{\"@id\":\"https:\\\/\\\/yupie.app\\\/#website\"},\"primaryImageOfPage\":{\"@id\":\"https:\\\/\\\/yupie.app\\\/product\\\/audi-80-b4-2-0-benzines-youngtimer-1992\\\/#primaryimage\"},\"image\":{\"@id\":\"https:\\\/\\\/yupie.app\\\/product\\\/audi-80-b4-2-0-benzines-youngtimer-1992\\\/#primaryimage\"},\"thumbnailUrl\":\"https:\\\/\\\/yupie.app\\\/wp-content\\\/uploads\\\/2026\\\/08\\\/1-23.png\",\"datePublished\":\"2026-08-26T07:28:52+00:00\",\"dateModified\":\"2026-08-26T07:29:46+00:00\",\"description\":\"Elad\u00f3 ritka, 1992-es Audi 80 B4 youngtimer 2.0 benzines motorral, k\u00e9zi v\u00e1lt\u00f3val, \u00fcl\u00e9sf\u0171t\u00e9ssel, napf\u00e9nytet\u0151vel \u00e9s alufelnikkel.\",\"breadcrumb\":{\"@id\":\"https:\\\/\\\/yupie.app\\\/product\\\/audi-80-b4-2-0-benzines-youngtimer-1992\\\/#breadcrumb\"},\"inLanguage\":\"ro-RO\",\"potentialAction\":[{\"@type\":\"ReadAction\",\"target\":[\"https:\\\/\\\/yupie.app\\\/product\\\/audi-80-b4-2-0-benzines-youngtimer-1992\\\/\"]}]},{\"@type\":\"ImageObject\",\"inLanguage\":\"ro-RO\",\"@id\":\"https:\\\/\\\/yupie.app\\\/product\\\/audi-80-b4-2-0-benzines-youngtimer-1992\\\/#primaryimage\",\"url\":\"https:\\\/\\\/yupie.app\\\/wp-content\\\/uploads\\\/2026\\\/08\\\/1-23.png\",\"contentUrl\":\"https:\\\/\\\/yupie.app\\\/wp-content\\\/uploads\\\/2026\\\/08\\\/1-23.png\",\"width\":1254,\"height\":1254,\"caption\":\"Megk\u00edm\u00e9lt Audi 80 youngtimer, klasszikus megjelen\u00e9ssel \u00e9s gy\u0171jt\u0151i lehet\u0151s\u00e9ggel.\"},{\"@type\":\"BreadcrumbList\",\"@id\":\"https:\\\/\\\/yupie.app\\\/product\\\/audi-80-b4-2-0-benzines-youngtimer-1992\\\/#breadcrumb\",\"itemListElement\":[{\"@type\":\"ListItem\",\"position\":1,\"name\":\"Kezd\u0151lap\",\"item\":\"https:\\\/\\\/yupie.app\\\/\"},{\"@type\":\"ListItem\",\"position\":2,\"name\":\"Katal\u00f3gus\",\"item\":\"https:\\\/\\\/yupie.app\\\/katalogus\\\/\"},{\"@type\":\"ListItem\",\"position\":3,\"name\":\"Audi 80 B4 2.0 benzines youngtimer \u2013 1992\"}]},{\"@type\":\"WebSite\",\"@id\":\"https:\\\/\\\/yupie.app\\\/#website\",\"url\":\"https:\\\/\\\/yupie.app\\\/\",\"name\":\"yupie.app\",\"description\":\"\",\"publisher\":{\"@id\":\"https:\\\/\\\/yupie.app\\\/#organization\"},\"potentialAction\":[{\"@type\":\"SearchAction\",\"target\":{\"@type\":\"EntryPoint\",\"urlTemplate\":\"https:\\\/\\\/yupie.app\\\/?s={search_term_string}\"},\"query-input\":{\"@type\":\"PropertyValueSpecification\",\"valueRequired\":true,\"valueName\":\"search_term_string\"}}],\"inLanguage\":\"ro-RO\"},{\"@type\":\"Organization\",\"@id\":\"https:\\\/\\\/yupie.app\\\/#organization\",\"name\":\"yupie.app\",\"url\":\"https:\\\/\\\/yupie.app\\\/\",\"logo\":{\"@type\":\"ImageObject\",\"inLanguage\":\"ro-RO\",\"@id\":\"https:\\\/\\\/yupie.app\\\/#\\\/schema\\\/logo\\\/image\\\/\",\"url\":\"https:\\\/\\\/yupie.app\\\/wp-content\\\/uploads\\\/2025\\\/07\\\/cropped-uj-logo.png\",\"contentUrl\":\"https:\\\/\\\/yupie.app\\\/wp-content\\\/uploads\\\/2025\\\/07\\\/cropped-uj-logo.png\",\"width\":500,\"height\":208,\"caption\":\"yupie.app\"},\"image\":{\"@id\":\"https:\\\/\\\/yupie.app\\\/#\\\/schema\\\/logo\\\/image\\\/\"},\"sameAs\":[\"https:\\\/\\\/www.facebook.com\\\/profile.php?id=100089345417295\"]}]}<\/script>\n<!-- \/ Yoast SEO plugin. -->","yoast_head_json":{"title":"Audi 80 B4 2.0 benzines youngtimer \u2013 1992","description":"Elad\u00f3 ritka, 1992-es Audi 80 B4 youngtimer 2.0 benzines motorral, k\u00e9zi v\u00e1lt\u00f3val, \u00fcl\u00e9sf\u0171t\u00e9ssel, napf\u00e9nytet\u0151vel \u00e9s alufelnikkel.","robots":{"index":"index","follow":"follow","max-snippet":"max-snippet:-1","max-image-preview":"max-image-preview:large","max-video-preview":"max-video-preview:-1"},"canonical":"https:\/\/yupie.app\/ro\/product\/audi-80-b4-2-0-benzines-youngtimer-1992\/","og_locale":"ro_RO","og_type":"article","og_title":"Audi 80 B4 2.0 benzines youngtimer \u2013 1992","og_description":"Elad\u00f3 ritka, 1992-es Audi 80 B4 youngtimer 2.0 benzines motorral, k\u00e9zi v\u00e1lt\u00f3val, \u00fcl\u00e9sf\u0171t\u00e9ssel, napf\u00e9nytet\u0151vel \u00e9s alufelnikkel.","og_url":"https:\/\/yupie.app\/ro\/product\/audi-80-b4-2-0-benzines-youngtimer-1992\/","og_site_name":"yupie.app","article_publisher":"https:\/\/www.facebook.com\/profile.php?id=100089345417295","article_modified_time":"2026-08-26T07:29:46+00:00","og_image":[{"width":1254,"height":1254,"url":"https:\/\/yupie.app\/wp-content\/uploads\/2026\/08\/1-23.png","type":"image\/png"}],"twitter_card":"summary_large_image","twitter_misc":{"Timp estimat pentru citire":"4 minute"},"schema":{"@context":"https:\/\/schema.org","@graph":[{"@type":"WebPage","@id":"https:\/\/yupie.app\/product\/audi-80-b4-2-0-benzines-youngtimer-1992\/","url":"https:\/\/yupie.app\/product\/audi-80-b4-2-0-benzines-youngtimer-1992\/","name":"Audi 80 B4 2.0 benzines youngtimer \u2013 1992","isPartOf":{"@id":"https:\/\/yupie.app\/#website"},"primaryImageOfPage":{"@id":"https:\/\/yupie.app\/product\/audi-80-b4-2-0-benzines-youngtimer-1992\/#primaryimage"},"image":{"@id":"https:\/\/yupie.app\/product\/audi-80-b4-2-0-benzines-youngtimer-1992\/#primaryimage"},"thumbnailUrl":"https:\/\/yupie.app\/wp-content\/uploads\/2026\/08\/1-23.png","datePublished":"2026-08-26T07:28:52+00:00","dateModified":"2026-08-26T07:29:46+00:00","description":"Elad\u00f3 ritka, 1992-es Audi 80 B4 youngtimer 2.0 benzines motorral, k\u00e9zi v\u00e1lt\u00f3val, \u00fcl\u00e9sf\u0171t\u00e9ssel, napf\u00e9nytet\u0151vel \u00e9s alufelnikkel.","breadcrumb":{"@id":"https:\/\/yupie.app\/product\/audi-80-b4-2-0-benzines-youngtimer-1992\/#breadcrumb"},"inLanguage":"ro-RO","potentialAction":[{"@type":"ReadAction","target":["https:\/\/yupie.app\/product\/audi-80-b4-2-0-benzines-youngtimer-1992\/"]}]},{"@type":"ImageObject","inLanguage":"ro-RO","@id":"https:\/\/yupie.app\/product\/audi-80-b4-2-0-benzines-youngtimer-1992\/#primaryimage","url":"https:\/\/yupie.app\/wp-content\/uploads\/2026\/08\/1-23.png","contentUrl":"https:\/\/yupie.app\/wp-content\/uploads\/2026\/08\/1-23.png","width":1254,"height":1254,"caption":"Megk\u00edm\u00e9lt Audi 80 youngtimer, klasszikus megjelen\u00e9ssel \u00e9s gy\u0171jt\u0151i lehet\u0151s\u00e9ggel."},{"@type":"BreadcrumbList","@id":"https:\/\/yupie.app\/product\/audi-80-b4-2-0-benzines-youngtimer-1992\/#breadcrumb","itemListElement":[{"@type":"ListItem","position":1,"name":"Kezd\u0151lap","item":"https:\/\/yupie.app\/"},{"@type":"ListItem","position":2,"name":"Katal\u00f3gus","item":"https:\/\/yupie.app\/katalogus\/"},{"@type":"ListItem","position":3,"name":"Audi 80 B4 2.0 benzines youngtimer \u2013 1992"}]},{"@type":"WebSite","@id":"https:\/\/yupie.app\/#website","url":"https:\/\/yupie.app\/","name":"yupie.app","description":"","publisher":{"@id":"https:\/\/yupie.app\/#organization"},"potentialAction":[{"@type":"SearchAction","target":{"@type":"EntryPoint","urlTemplate":"https:\/\/yupie.app\/?s={search_term_string}"},"query-input":{"@type":"PropertyValueSpecification","valueRequired":true,"valueName":"search_term_string"}}],"inLanguage":"ro-RO"},{"@type":"Organization","@id":"https:\/\/yupie.app\/#organization","name":"yupie.app","url":"https:\/\/yupie.app\/","logo":{"@type":"ImageObject","inLanguage":"ro-RO","@id":"https:\/\/yupie.app\/#\/schema\/logo\/image\/","url":"https:\/\/yupie.app\/wp-content\/uploads\/2025\/07\/cropped-uj-logo.png","contentUrl":"https:\/\/yupie.app\/wp-content\/uploads\/2025\/07\/cropped-uj-logo.png","width":500,"height":208,"caption":"yupie.app"},"image":{"@id":"https:\/\/yupie.app\/#\/schema\/logo\/image\/"},"sameAs":["https:\/\/www.facebook.com\/profile.php?id=100089345417295"]}]}},"jetpack_sharing_enabled":true,"_links":{"self":[{"href":"https:\/\/yupie.app\/ro\/wp-json\/wp\/v2\/product\/53460","targetHints":{"allow":["GET"]}}],"collection":[{"href":"https:\/\/yupie.app\/ro\/wp-json\/wp\/v2\/product"}],"about":[{"href":"https:\/\/yupie.app\/ro\/wp-json\/wp\/v2\/types\/product"}],"version-history":[{"count":0,"href":"https:\/\/yupie.app\/ro\/wp-json\/wp\/v2\/product\/53460\/revisions"}],"wp:featuredmedia":[{"embeddable":true,"href":"https:\/\/yupie.app\/ro\/wp-json\/wp\/v2\/media\/53475"}],"wp:attachment":[{"href":"https:\/\/yupie.app\/ro\/wp-json\/wp\/v2\/media?parent=53460"}],"wp:term":[{"taxonomy":"product_brand","embeddable":true,"href":"https:\/\/yupie.app\/ro\/wp-json\/wp\/v2\/product_brand?post=53460"},{"taxonomy":"product_cat","embeddable":true,"href":"https:\/\/yupie.app\/ro\/wp-json\/wp\/v2\/product_cat?post=53460"},{"taxonomy":"product_tag","embeddable":true,"href":"https:\/\/yupie.app\/ro\/wp-json\/wp\/v2\/product_tag?post=53460"}],"curies":[{"name":"wp","href":"https:\/\/api.w.org\/{rel}","templated":true}]}}