{"id":52407,"date":"2026-07-15T14:54:41","date_gmt":"2026-07-15T12:54:41","guid":{"rendered":"https:\/\/yupie.app\/?post_type=product&#038;p=52407"},"modified":"2026-08-03T08:53:27","modified_gmt":"2026-08-03T06:53:27","slug":"elado-felujitando-haz-nagy-telekkel-ermihalyfalva","status":"publish","type":"product","link":"https:\/\/yupie.app\/ro\/product\/elado-felujitando-haz-nagy-telekkel-ermihalyfalva\/","title":{"rendered":"Elad\u00f3 fel\u00faj\u00edtand\u00f3 csal\u00e1di h\u00e1z 1802 m\u00b2 telekkel \u00c9rmih\u00e1lyfalv\u00e1n \u2013 249 m\u00b2 \u00e9p\u00fclet"},"content":{"rendered":"<h3 class=\"PDq2pG_selectionAnchorContainer\" data-section-id=\"w1v3c9\" data-start=\"35\" data-end=\"150\">Elad\u00f3 fel\u00faj\u00edtand\u00f3 csal\u00e1di h\u00e1z nagy telekkel \u00c9rmih\u00e1lyfalv\u00e1n \u2013 249 m\u00b2 \u00e9p\u00fclet, 1802 m\u00b2 \u00f6sszter\u00fclet, 4 szoba, pince<\/h3>\n<p data-start=\"152\" data-end=\"381\">Ha olyan ingatlant keres, amelyet saj\u00e1t elk\u00e9pzel\u00e9sei szerint alak\u00edthat ki, mik\u00f6zben jelent\u0151s \u00e9rt\u00e9kn\u00f6veked\u00e9si potenci\u00e1llal rendelkezik, akkor ez az <strong data-start=\"299\" data-end=\"335\">\u00c9rmih\u00e1lyfalv\u00e1n (Valea lui Mihai)<\/strong> tal\u00e1lhat\u00f3 csal\u00e1di h\u00e1z kiv\u00e1l\u00f3 v\u00e1laszt\u00e1s lehet.<\/p>\n<p data-start=\"383\" data-end=\"710\">A rendelkez\u00e9sre \u00e1ll\u00f3 alaprajzok \u00e9s hivatalos dokumentumok alapj\u00e1n az ingatlan <strong data-start=\"461\" data-end=\"503\">249 m\u00b2 \u00f6sszes be\u00e9p\u00edtett alapter\u00fclettel<\/strong> rendelkezik, amelyhez <strong data-start=\"526\" data-end=\"554\">734 m\u00b2 belter\u00fcleti telek<\/strong>, valamint egy k\u00fcl\u00f6n <strong data-start=\"575\" data-end=\"596\">1068 m\u00b2-es sz\u00e1nt\u00f3<\/strong> tartozik. Ez \u00f6sszesen <strong data-start=\"619\" data-end=\"640\">1802 m\u00b2 ter\u00fcletet<\/strong> jelent, amely sz\u00e1mos lehet\u0151s\u00e9get k\u00edn\u00e1l a j\u00f6v\u0151beni tulajdonos sz\u00e1m\u00e1ra.<\/p>\n<h3 data-section-id=\"6hs1xn\" data-start=\"712\" data-end=\"738\">Az ingatlan helyis\u00e9gei<\/h3>\n<p data-start=\"740\" data-end=\"915\">Az \u00e9p\u00fclet praktikus, j\u00f3l \u00e1tgondolt elrendez\u00e9s\u0171, amely lehet\u0151v\u00e9 teszi a k\u00e9nyelmes csal\u00e1di \u00e9letet, de ak\u00e1r k\u00e9tgener\u00e1ci\u00f3s otthon vagy befektet\u00e9si c\u00e9l\u00fa \u00e1talak\u00edt\u00e1s alapja is lehet.<\/p>\n<p data-start=\"917\" data-end=\"936\">A h\u00e1zban tal\u00e1lhat\u00f3:<\/p>\n<ul data-start=\"938\" data-end=\"1084\">\n<li data-section-id=\"1cm0h0k\" data-start=\"938\" data-end=\"968\"><strong data-start=\"940\" data-end=\"968\">4 k\u00fcl\u00f6n\u00e1ll\u00f3, t\u00e1gas szoba<\/strong><\/li>\n<li data-section-id=\"6ck9o2\" data-start=\"969\" data-end=\"981\"><strong data-start=\"971\" data-end=\"981\">Konyha<\/strong><\/li>\n<li data-section-id=\"11zss5s\" data-start=\"982\" data-end=\"998\"><strong data-start=\"984\" data-end=\"998\">F\u00fcrd\u0151szoba<\/strong><\/li>\n<li data-section-id=\"nzodps\" data-start=\"999\" data-end=\"1021\"><strong data-start=\"1001\" data-end=\"1021\">K\u00f6zponti folyos\u00f3<\/strong><\/li>\n<li data-section-id=\"1mv8y1r\" data-start=\"1022\" data-end=\"1036\"><strong data-start=\"1024\" data-end=\"1036\">2 torn\u00e1c<\/strong><\/li>\n<li data-section-id=\"2q6j0a\" data-start=\"1037\" data-end=\"1054\"><strong data-start=\"1039\" data-end=\"1054\">K\u00fcl\u00f6n pince<\/strong><\/li>\n<li data-section-id=\"12ev3tk\" data-start=\"1055\" data-end=\"1084\"><strong data-start=\"1057\" data-end=\"1084\">T\u00e1rol\u00f3 \/ kamra (str\u00e1zs)\u00a0 \u00a0\u00a0<\/strong><\/li>\n<\/ul>\n<p class=\"PDq2pG_selectionAnchorContainer\" data-start=\"1451\" data-end=\"1597\">A h\u00e1z utcafrontj\u00e1n <strong data-start=\"1470\" data-end=\"1519\">k\u00e9t nagym\u00e9ret\u0171, egyenk\u00e9nt 125 cm sz\u00e9les ablak<\/strong> tal\u00e1lhat\u00f3, amelyek term\u00e9szetes f\u00e9nyt biztos\u00edtanak az els\u0151 helyis\u00e9gek sz\u00e1m\u00e1ra.<\/p>\n<h3 data-section-id=\"7v9vf1\" data-start=\"1599\" data-end=\"1628\">Telek \u00e9s k\u00fcls\u0151 adotts\u00e1gok<\/h3>\n<p data-start=\"1630\" data-end=\"1690\">Az ingatlan egyik legnagyobb el\u0151nye a jelent\u0151s m\u00e9ret\u0171 telek.<\/p>\n<p data-start=\"1692\" data-end=\"1725\">A hivatalos dokument\u00e1ci\u00f3 alapj\u00e1n:<\/p>\n<ul data-start=\"1727\" data-end=\"1808\">\n<li data-section-id=\"1c825zo\" data-start=\"1727\" data-end=\"1757\"><strong data-start=\"1729\" data-end=\"1757\">734 m\u00b2 belter\u00fcleti telek<\/strong><\/li>\n<li data-section-id=\"acjwhm\" data-start=\"1758\" data-end=\"1784\"><strong data-start=\"1760\" data-end=\"1784\">1068 m\u00b2 k\u00fcl\u00f6n sz\u00e1nt\u00f3<\/strong><\/li>\n<li data-section-id=\"1xlo68n\" data-start=\"1785\" data-end=\"1808\"><strong data-start=\"1787\" data-end=\"1808\">\u00d6sszesen: 1802 m\u00b2<\/strong><\/li>\n<\/ul>\n<p data-start=\"1810\" data-end=\"1849\">Ez a m\u00e9ret kiv\u00e1l\u00f3 lehet\u0151s\u00e9get biztos\u00edt:<\/p>\n<ul data-start=\"1851\" data-end=\"2061\">\n<li data-section-id=\"l0lkjl\" data-start=\"1851\" data-end=\"1877\">nagy kert kialak\u00edt\u00e1s\u00e1ra,<\/li>\n<li data-section-id=\"wib9g8\" data-start=\"1878\" data-end=\"1905\">vetem\u00e9nyes l\u00e9trehoz\u00e1s\u00e1ra,<\/li>\n<li data-section-id=\"td4ai9\" data-start=\"1906\" data-end=\"1932\">gy\u00fcm\u00f6lcs\u00f6s telep\u00edt\u00e9s\u00e9re,<\/li>\n<li data-section-id=\"lnxzkg\" data-start=\"1933\" data-end=\"1949\">gazd\u00e1lkod\u00e1sra,<\/li>\n<li data-section-id=\"1obeizg\" data-start=\"1950\" data-end=\"1977\">mell\u00e9k\u00e9p\u00fcletek \u00e9p\u00edt\u00e9s\u00e9re,<\/li>\n<li data-section-id=\"1um8g3t\" data-start=\"1978\" data-end=\"2013\">gar\u00e1zs vagy m\u0171hely kialak\u00edt\u00e1s\u00e1ra,<\/li>\n<li data-section-id=\"1vgxlxl\" data-start=\"2014\" data-end=\"2061\">pihen\u0151kert, filag\u00f3ria vagy medence \u00e9p\u00edt\u00e9s\u00e9re.<\/li>\n<\/ul>\n<h3 data-section-id=\"1vgefrp\" data-start=\"2063\" data-end=\"2089\">Az ingatlan szerkezete<\/h3>\n<p data-start=\"2091\" data-end=\"2135\">A hivatalos nyilv\u00e1ntart\u00e1s szerint az \u00e9p\u00fclet:<\/p>\n<ul data-start=\"2137\" data-end=\"2254\">\n<li data-section-id=\"zsra6z\" data-start=\"2137\" data-end=\"2157\"><strong data-start=\"2139\" data-end=\"2157\">1964-ben \u00e9p\u00fclt<\/strong><\/li>\n<li data-section-id=\"1ocrm41\" data-start=\"2158\" data-end=\"2196\">falazata <strong data-start=\"2169\" data-end=\"2196\">v\u00e1lyog \u00e9s fa szerkezet\u0171<\/strong><\/li>\n<li data-section-id=\"u90loa\" data-start=\"2197\" data-end=\"2211\">cser\u00e9pfed\u00e9s\u0171<\/li>\n<li data-section-id=\"1felo2v\" data-start=\"2212\" data-end=\"2254\">pince \u00e9s mell\u00e9k\u00e9p\u00fclet is tartozik hozz\u00e1.<\/li>\n<\/ul>\n<h3 data-section-id=\"1j4u3kx\" data-start=\"2256\" data-end=\"2304\">Mi\u00e9rt \u00e9ri meg ezt az ingatlant megv\u00e1s\u00e1rolni?<\/h3>\n<p data-start=\"2306\" data-end=\"2487\">Ez az ingatlan kiv\u00e1l\u00f3 v\u00e1laszt\u00e1s azok sz\u00e1m\u00e1ra, akik nem egy k\u00e9sz h\u00e1zat keresnek, hanem egy olyan otthont szeretn\u00e9nek kialak\u00edtani, amely teljes m\u00e9rt\u00e9kben saj\u00e1t ig\u00e9nyeikhez igaz\u00edthat\u00f3.<\/p>\n<p data-start=\"2489\" data-end=\"2715\">A k\u00f6zel <strong data-start=\"2497\" data-end=\"2517\">249 m\u00b2-es \u00e9p\u00fclet<\/strong> \u00e9s a <strong data-start=\"2523\" data-end=\"2552\">1802 m\u00b2-es teljes ter\u00fclet<\/strong> ritka lehet\u0151s\u00e9get k\u00edn\u00e1l ebben az \u00e1rkateg\u00f3ri\u00e1ban. A n\u00e9gy nagym\u00e9ret\u0171 szoba, a k\u00e9t torn\u00e1c, a pince \u00e9s a praktikus elrendez\u00e9s sz\u00e1mos \u00e1talak\u00edt\u00e1si lehet\u0151s\u00e9get biztos\u00edt.<\/p>\n<p data-start=\"2717\" data-end=\"2745\">Fel\u00faj\u00edt\u00e1s ut\u00e1n kiv\u00e1l\u00f3 lehet:<\/p>\n<ul data-start=\"2747\" data-end=\"2938\">\n<li data-section-id=\"2t3zpz\" data-start=\"2747\" data-end=\"2767\">csal\u00e1di otthonnak,<\/li>\n<li data-section-id=\"f5pafp\" data-start=\"2768\" data-end=\"2791\">k\u00e9tgener\u00e1ci\u00f3s h\u00e1znak,<\/li>\n<li data-section-id=\"1lxjk8q\" data-start=\"2792\" data-end=\"2834\">v\u00e1llalkoz\u00e1s \u00e9s lakhat\u00e1s kombin\u00e1ci\u00f3j\u00e1nak,<\/li>\n<li data-section-id=\"1o1hop9\" data-start=\"2835\" data-end=\"2883\">falusi turizmus vagy vend\u00e9gh\u00e1z kialak\u00edt\u00e1s\u00e1nak,<\/li>\n<li data-section-id=\"sbe7g4\" data-start=\"2884\" data-end=\"2900\">befektet\u00e9snek,<\/li>\n<li data-section-id=\"jz4wgu\" data-start=\"2901\" data-end=\"2938\">hossz\u00fa t\u00e1v\u00fa \u00e9rt\u00e9kn\u00f6vel\u0151 projektnek.<\/li>\n<\/ul>\n<p data-start=\"2940\" data-end=\"3098\">A nagy telek \u00e9s a k\u00fcl\u00f6n sz\u00e1nt\u00f3 tov\u00e1bbi lehet\u0151s\u00e9geket biztos\u00edt azok sz\u00e1m\u00e1ra, akik \u00f6nell\u00e1t\u00f3 gazd\u00e1lkod\u00e1sban, kert\u00e9szked\u00e9sben vagy vid\u00e9ki \u00e9letm\u00f3dban gondolkodnak.<\/p>\n<p data-start=\"3100\" data-end=\"3283\">Ha olyan ingatlant keres, amely megfelel\u0151 fel\u00faj\u00edt\u00e1s ut\u00e1n hossz\u00fa t\u00e1von is \u00e9rt\u00e9k\u00e1ll\u00f3 befektet\u00e9s lehet, ez az \u00e9rmih\u00e1lyfalvi csal\u00e1di h\u00e1z kiv\u00e1l\u00f3 alapot ny\u00fajt elk\u00e9pzel\u00e9sei megval\u00f3s\u00edt\u00e1s\u00e1hoz.<\/p>\n<p data-start=\"3100\" data-end=\"3283\">Amennyiben felkeltette \u00e9rdekl\u0151d\u00e9s\u00e9t ez az ingatlan, vagy tov\u00e1bbi inform\u00e1ci\u00f3ra, megtekint\u00e9sre van sz\u00fcks\u00e9ge, keressen benn\u00fcnket bizalommal! Koll\u00e9g\u00e1ink k\u00e9szs\u00e9ggel \u00e1llnak rendelkez\u00e9s\u00e9re, \u00e9s \u00f6r\u00f6mmel seg\u00edtenek megtal\u00e1lni mindenki sz\u00e1m\u00e1ra legmegfelel\u0151bb megold\u00e1st.<\/p>","protected":false},"excerpt":{"rendered":"<p>Elad\u00f3 egy fel\u00faj\u00edtand\u00f3 csal\u00e1di h\u00e1z \u00c9rmih\u00e1lyfalv\u00e1n (Valea lui Mihai), <strong data-start=\"881\" data-end=\"915\">249 m\u00b2 \u00f6sszes \u00e9p\u00fcletfel\u00fclettel<\/strong> \u00e9s <strong data-start=\"919\" data-end=\"953\">1802 m\u00b2 \u00f6sszes telekter\u00fclettel<\/strong>. A f\u0151\u00e9p\u00fclet 198 m\u00b2, amelyet egy 36 m\u00b2-es mell\u00e9k\u00e9p\u00fclet \u00e9s egy 15 m\u00b2-es pince eg\u00e9sz\u00edt ki. A 734 m\u00b2-es udvar mellett egy k\u00fcl\u00f6n <strong data-start=\"1078\" data-end=\"1110\">1068 m\u00b2-es belter\u00fcleti telek<\/strong> is a v\u00e9tel\u00e1r r\u00e9sz\u00e9t k\u00e9pezi, \u00edgy az ingatlan kiv\u00e1l\u00f3 v\u00e1laszt\u00e1s csal\u00e1di otthonnak, gazd\u00e1lkod\u00e1sra vagy befektet\u00e9snek.<\/p>","protected":false},"featured_media":52409,"template":"","meta":[],"product_brand":[],"product_cat":[2395],"product_tag":[4312,3293,3296,4313,4310,3292,2560,3306,4311,4314,3291],"class_list":["post-52407","product","type-product","status-publish","has-post-thumbnail","product_cat-ingatlan","product_tag-50000-eur","product_tag-bihar-megye","product_tag-boltives-pince","product_tag-csaladi-haz","product_tag-elado-haz","product_tag-ermihalyfalva","product_tag-felujitando","product_tag-ingatlan-elado","product_tag-nagy-telek","product_tag-uzleti-celra","product_tag-valea-lui-mihai","description-off","first","instock","shipping-taxable","purchasable","product-type-simple"],"yoast_head":"<!-- This site is optimized with the Yoast SEO plugin v28.3 - https:\/\/yoast.com\/product\/yoast-seo-wordpress\/ -->\n<title>Elad\u00f3 fel\u00faj\u00edtand\u00f3 csal\u00e1di h\u00e1z 1802 m\u00b2 telekkel 249 m\u00b2 \u00e9p\u00fclet<\/title>\n<meta name=\"description\" content=\"Elad\u00f3 fel\u00faj\u00edtand\u00f3 csal\u00e1di h\u00e1z \u00c9rmih\u00e1lyfalv\u00e1n (Valea lui Mihai) 1802 m\u00b2 \u00f6sszes telekter\u00fclettel \u00e9s 249 m\u00b2 \u00e9p\u00fcletfel\u00fclettel. 198 m\u00b2 lak\u00f3h\u00e1z, 36 m\u00b2 mell\u00e9k\u00e9p\u00fclet, 15 m\u00b2 pince \u00e9s k\u00fcl\u00f6n 1068 m\u00b2 belter\u00fcleti telek. Kiv\u00e1l\u00f3 v\u00e1laszt\u00e1s otthonnak vagy befektet\u00e9snek.\" \/>\n<meta name=\"robots\" content=\"index, follow, max-snippet:-1, max-image-preview:large, max-video-preview:-1\" \/>\n<link rel=\"canonical\" href=\"https:\/\/yupie.app\/ro\/product\/elado-felujitando-haz-nagy-telekkel-ermihalyfalva\/\" \/>\n<meta property=\"og:locale\" content=\"ro_RO\" \/>\n<meta property=\"og:type\" content=\"article\" \/>\n<meta property=\"og:title\" content=\"Elad\u00f3 fel\u00faj\u00edtand\u00f3 csal\u00e1di h\u00e1z 1802 m\u00b2 telekkel 249 m\u00b2 \u00e9p\u00fclet\" \/>\n<meta property=\"og:description\" content=\"Elad\u00f3 fel\u00faj\u00edtand\u00f3 csal\u00e1di h\u00e1z \u00c9rmih\u00e1lyfalv\u00e1n (Valea lui Mihai) 1802 m\u00b2 \u00f6sszes telekter\u00fclettel \u00e9s 249 m\u00b2 \u00e9p\u00fcletfel\u00fclettel. 198 m\u00b2 lak\u00f3h\u00e1z, 36 m\u00b2 mell\u00e9k\u00e9p\u00fclet, 15 m\u00b2 pince \u00e9s k\u00fcl\u00f6n 1068 m\u00b2 belter\u00fcleti telek. Kiv\u00e1l\u00f3 v\u00e1laszt\u00e1s otthonnak vagy befektet\u00e9snek.\" \/>\n<meta property=\"og:url\" content=\"https:\/\/yupie.app\/ro\/product\/elado-felujitando-haz-nagy-telekkel-ermihalyfalva\/\" \/>\n<meta property=\"og:site_name\" content=\"yupie.app\" \/>\n<meta property=\"article:publisher\" content=\"https:\/\/www.facebook.com\/profile.php?id=100089345417295\" \/>\n<meta property=\"article:modified_time\" content=\"2026-08-03T06:53:27+00:00\" \/>\n<meta property=\"og:image\" content=\"https:\/\/yupie.app\/wp-content\/uploads\/2026\/07\/3-2-768x1024.png\" \/>\n\t<meta property=\"og:image:width\" content=\"768\" \/>\n\t<meta property=\"og:image:height\" content=\"1024\" \/>\n\t<meta property=\"og:image:type\" content=\"image\/png\" \/>\n<meta name=\"twitter:card\" content=\"summary_large_image\" \/>\n<meta name=\"twitter:label1\" content=\"Timp estimat pentru citire\" \/>\n\t<meta name=\"twitter:data1\" content=\"3 minute\" \/>\n<script type=\"application\/ld+json\" class=\"yoast-schema-graph\">{\"@context\":\"https:\\\/\\\/schema.org\",\"@graph\":[{\"@type\":\"WebPage\",\"@id\":\"https:\\\/\\\/yupie.app\\\/product\\\/elado-felujitando-haz-nagy-telekkel-ermihalyfalva\\\/\",\"url\":\"https:\\\/\\\/yupie.app\\\/product\\\/elado-felujitando-haz-nagy-telekkel-ermihalyfalva\\\/\",\"name\":\"Elad\u00f3 fel\u00faj\u00edtand\u00f3 csal\u00e1di h\u00e1z 1802 m\u00b2 telekkel 249 m\u00b2 \u00e9p\u00fclet\",\"isPartOf\":{\"@id\":\"https:\\\/\\\/yupie.app\\\/#website\"},\"primaryImageOfPage\":{\"@id\":\"https:\\\/\\\/yupie.app\\\/product\\\/elado-felujitando-haz-nagy-telekkel-ermihalyfalva\\\/#primaryimage\"},\"image\":{\"@id\":\"https:\\\/\\\/yupie.app\\\/product\\\/elado-felujitando-haz-nagy-telekkel-ermihalyfalva\\\/#primaryimage\"},\"thumbnailUrl\":\"https:\\\/\\\/yupie.app\\\/wp-content\\\/uploads\\\/2026\\\/07\\\/3-2.png\",\"datePublished\":\"2026-07-15T12:54:41+00:00\",\"dateModified\":\"2026-08-03T06:53:27+00:00\",\"description\":\"Elad\u00f3 fel\u00faj\u00edtand\u00f3 csal\u00e1di h\u00e1z \u00c9rmih\u00e1lyfalv\u00e1n (Valea lui Mihai) 1802 m\u00b2 \u00f6sszes telekter\u00fclettel \u00e9s 249 m\u00b2 \u00e9p\u00fcletfel\u00fclettel. 198 m\u00b2 lak\u00f3h\u00e1z, 36 m\u00b2 mell\u00e9k\u00e9p\u00fclet, 15 m\u00b2 pince \u00e9s k\u00fcl\u00f6n 1068 m\u00b2 belter\u00fcleti telek. Kiv\u00e1l\u00f3 v\u00e1laszt\u00e1s otthonnak vagy befektet\u00e9snek.\",\"breadcrumb\":{\"@id\":\"https:\\\/\\\/yupie.app\\\/product\\\/elado-felujitando-haz-nagy-telekkel-ermihalyfalva\\\/#breadcrumb\"},\"inLanguage\":\"ro-RO\",\"potentialAction\":[{\"@type\":\"ReadAction\",\"target\":[\"https:\\\/\\\/yupie.app\\\/product\\\/elado-felujitando-haz-nagy-telekkel-ermihalyfalva\\\/\"]}]},{\"@type\":\"ImageObject\",\"inLanguage\":\"ro-RO\",\"@id\":\"https:\\\/\\\/yupie.app\\\/product\\\/elado-felujitando-haz-nagy-telekkel-ermihalyfalva\\\/#primaryimage\",\"url\":\"https:\\\/\\\/yupie.app\\\/wp-content\\\/uploads\\\/2026\\\/07\\\/3-2.png\",\"contentUrl\":\"https:\\\/\\\/yupie.app\\\/wp-content\\\/uploads\\\/2026\\\/07\\\/3-2.png\",\"width\":1086,\"height\":1448,\"caption\":\"A k\u00e9pek az ingatlan eredeti \u00e1llapot\u00e1t mutatj\u00e1k, \u00edgy a leend\u0151 tulajdonos val\u00f3s k\u00e9pet kap a fel\u00faj\u00edt\u00e1si lehet\u0151s\u00e9gekr\u0151l.\"},{\"@type\":\"BreadcrumbList\",\"@id\":\"https:\\\/\\\/yupie.app\\\/product\\\/elado-felujitando-haz-nagy-telekkel-ermihalyfalva\\\/#breadcrumb\",\"itemListElement\":[{\"@type\":\"ListItem\",\"position\":1,\"name\":\"Kezd\u0151lap\",\"item\":\"https:\\\/\\\/yupie.app\\\/\"},{\"@type\":\"ListItem\",\"position\":2,\"name\":\"Katal\u00f3gus\",\"item\":\"https:\\\/\\\/yupie.app\\\/katalogus\\\/\"},{\"@type\":\"ListItem\",\"position\":3,\"name\":\"Elad\u00f3 fel\u00faj\u00edtand\u00f3 csal\u00e1di h\u00e1z 1802 m\u00b2 telekkel \u00c9rmih\u00e1lyfalv\u00e1n \u2013 249 m\u00b2 \u00e9p\u00fclet\"}]},{\"@type\":\"WebSite\",\"@id\":\"https:\\\/\\\/yupie.app\\\/#website\",\"url\":\"https:\\\/\\\/yupie.app\\\/\",\"name\":\"yupie.app\",\"description\":\"\",\"publisher\":{\"@id\":\"https:\\\/\\\/yupie.app\\\/#organization\"},\"potentialAction\":[{\"@type\":\"SearchAction\",\"target\":{\"@type\":\"EntryPoint\",\"urlTemplate\":\"https:\\\/\\\/yupie.app\\\/?s={search_term_string}\"},\"query-input\":{\"@type\":\"PropertyValueSpecification\",\"valueRequired\":true,\"valueName\":\"search_term_string\"}}],\"inLanguage\":\"ro-RO\"},{\"@type\":\"Organization\",\"@id\":\"https:\\\/\\\/yupie.app\\\/#organization\",\"name\":\"yupie.app\",\"url\":\"https:\\\/\\\/yupie.app\\\/\",\"logo\":{\"@type\":\"ImageObject\",\"inLanguage\":\"ro-RO\",\"@id\":\"https:\\\/\\\/yupie.app\\\/#\\\/schema\\\/logo\\\/image\\\/\",\"url\":\"https:\\\/\\\/yupie.app\\\/wp-content\\\/uploads\\\/2025\\\/07\\\/cropped-uj-logo.png\",\"contentUrl\":\"https:\\\/\\\/yupie.app\\\/wp-content\\\/uploads\\\/2025\\\/07\\\/cropped-uj-logo.png\",\"width\":500,\"height\":208,\"caption\":\"yupie.app\"},\"image\":{\"@id\":\"https:\\\/\\\/yupie.app\\\/#\\\/schema\\\/logo\\\/image\\\/\"},\"sameAs\":[\"https:\\\/\\\/www.facebook.com\\\/profile.php?id=100089345417295\"]}]}<\/script>\n<!-- \/ Yoast SEO plugin. -->","yoast_head_json":{"title":"Elad\u00f3 fel\u00faj\u00edtand\u00f3 csal\u00e1di h\u00e1z 1802 m\u00b2 telekkel 249 m\u00b2 \u00e9p\u00fclet","description":"Elad\u00f3 fel\u00faj\u00edtand\u00f3 csal\u00e1di h\u00e1z \u00c9rmih\u00e1lyfalv\u00e1n (Valea lui Mihai) 1802 m\u00b2 \u00f6sszes telekter\u00fclettel \u00e9s 249 m\u00b2 \u00e9p\u00fcletfel\u00fclettel. 198 m\u00b2 lak\u00f3h\u00e1z, 36 m\u00b2 mell\u00e9k\u00e9p\u00fclet, 15 m\u00b2 pince \u00e9s k\u00fcl\u00f6n 1068 m\u00b2 belter\u00fcleti telek. Kiv\u00e1l\u00f3 v\u00e1laszt\u00e1s otthonnak vagy befektet\u00e9snek.","robots":{"index":"index","follow":"follow","max-snippet":"max-snippet:-1","max-image-preview":"max-image-preview:large","max-video-preview":"max-video-preview:-1"},"canonical":"https:\/\/yupie.app\/ro\/product\/elado-felujitando-haz-nagy-telekkel-ermihalyfalva\/","og_locale":"ro_RO","og_type":"article","og_title":"Elad\u00f3 fel\u00faj\u00edtand\u00f3 csal\u00e1di h\u00e1z 1802 m\u00b2 telekkel 249 m\u00b2 \u00e9p\u00fclet","og_description":"Elad\u00f3 fel\u00faj\u00edtand\u00f3 csal\u00e1di h\u00e1z \u00c9rmih\u00e1lyfalv\u00e1n (Valea lui Mihai) 1802 m\u00b2 \u00f6sszes telekter\u00fclettel \u00e9s 249 m\u00b2 \u00e9p\u00fcletfel\u00fclettel. 198 m\u00b2 lak\u00f3h\u00e1z, 36 m\u00b2 mell\u00e9k\u00e9p\u00fclet, 15 m\u00b2 pince \u00e9s k\u00fcl\u00f6n 1068 m\u00b2 belter\u00fcleti telek. Kiv\u00e1l\u00f3 v\u00e1laszt\u00e1s otthonnak vagy befektet\u00e9snek.","og_url":"https:\/\/yupie.app\/ro\/product\/elado-felujitando-haz-nagy-telekkel-ermihalyfalva\/","og_site_name":"yupie.app","article_publisher":"https:\/\/www.facebook.com\/profile.php?id=100089345417295","article_modified_time":"2026-08-03T06:53:27+00:00","og_image":[{"width":768,"height":1024,"url":"https:\/\/yupie.app\/wp-content\/uploads\/2026\/07\/3-2-768x1024.png","type":"image\/png"}],"twitter_card":"summary_large_image","twitter_misc":{"Timp estimat pentru citire":"3 minute"},"schema":{"@context":"https:\/\/schema.org","@graph":[{"@type":"WebPage","@id":"https:\/\/yupie.app\/product\/elado-felujitando-haz-nagy-telekkel-ermihalyfalva\/","url":"https:\/\/yupie.app\/product\/elado-felujitando-haz-nagy-telekkel-ermihalyfalva\/","name":"Elad\u00f3 fel\u00faj\u00edtand\u00f3 csal\u00e1di h\u00e1z 1802 m\u00b2 telekkel 249 m\u00b2 \u00e9p\u00fclet","isPartOf":{"@id":"https:\/\/yupie.app\/#website"},"primaryImageOfPage":{"@id":"https:\/\/yupie.app\/product\/elado-felujitando-haz-nagy-telekkel-ermihalyfalva\/#primaryimage"},"image":{"@id":"https:\/\/yupie.app\/product\/elado-felujitando-haz-nagy-telekkel-ermihalyfalva\/#primaryimage"},"thumbnailUrl":"https:\/\/yupie.app\/wp-content\/uploads\/2026\/07\/3-2.png","datePublished":"2026-07-15T12:54:41+00:00","dateModified":"2026-08-03T06:53:27+00:00","description":"Elad\u00f3 fel\u00faj\u00edtand\u00f3 csal\u00e1di h\u00e1z \u00c9rmih\u00e1lyfalv\u00e1n (Valea lui Mihai) 1802 m\u00b2 \u00f6sszes telekter\u00fclettel \u00e9s 249 m\u00b2 \u00e9p\u00fcletfel\u00fclettel. 198 m\u00b2 lak\u00f3h\u00e1z, 36 m\u00b2 mell\u00e9k\u00e9p\u00fclet, 15 m\u00b2 pince \u00e9s k\u00fcl\u00f6n 1068 m\u00b2 belter\u00fcleti telek. Kiv\u00e1l\u00f3 v\u00e1laszt\u00e1s otthonnak vagy befektet\u00e9snek.","breadcrumb":{"@id":"https:\/\/yupie.app\/product\/elado-felujitando-haz-nagy-telekkel-ermihalyfalva\/#breadcrumb"},"inLanguage":"ro-RO","potentialAction":[{"@type":"ReadAction","target":["https:\/\/yupie.app\/product\/elado-felujitando-haz-nagy-telekkel-ermihalyfalva\/"]}]},{"@type":"ImageObject","inLanguage":"ro-RO","@id":"https:\/\/yupie.app\/product\/elado-felujitando-haz-nagy-telekkel-ermihalyfalva\/#primaryimage","url":"https:\/\/yupie.app\/wp-content\/uploads\/2026\/07\/3-2.png","contentUrl":"https:\/\/yupie.app\/wp-content\/uploads\/2026\/07\/3-2.png","width":1086,"height":1448,"caption":"A k\u00e9pek az ingatlan eredeti \u00e1llapot\u00e1t mutatj\u00e1k, \u00edgy a leend\u0151 tulajdonos val\u00f3s k\u00e9pet kap a fel\u00faj\u00edt\u00e1si lehet\u0151s\u00e9gekr\u0151l."},{"@type":"BreadcrumbList","@id":"https:\/\/yupie.app\/product\/elado-felujitando-haz-nagy-telekkel-ermihalyfalva\/#breadcrumb","itemListElement":[{"@type":"ListItem","position":1,"name":"Kezd\u0151lap","item":"https:\/\/yupie.app\/"},{"@type":"ListItem","position":2,"name":"Katal\u00f3gus","item":"https:\/\/yupie.app\/katalogus\/"},{"@type":"ListItem","position":3,"name":"Elad\u00f3 fel\u00faj\u00edtand\u00f3 csal\u00e1di h\u00e1z 1802 m\u00b2 telekkel \u00c9rmih\u00e1lyfalv\u00e1n \u2013 249 m\u00b2 \u00e9p\u00fclet"}]},{"@type":"WebSite","@id":"https:\/\/yupie.app\/#website","url":"https:\/\/yupie.app\/","name":"yupie.app","description":"","publisher":{"@id":"https:\/\/yupie.app\/#organization"},"potentialAction":[{"@type":"SearchAction","target":{"@type":"EntryPoint","urlTemplate":"https:\/\/yupie.app\/?s={search_term_string}"},"query-input":{"@type":"PropertyValueSpecification","valueRequired":true,"valueName":"search_term_string"}}],"inLanguage":"ro-RO"},{"@type":"Organization","@id":"https:\/\/yupie.app\/#organization","name":"yupie.app","url":"https:\/\/yupie.app\/","logo":{"@type":"ImageObject","inLanguage":"ro-RO","@id":"https:\/\/yupie.app\/#\/schema\/logo\/image\/","url":"https:\/\/yupie.app\/wp-content\/uploads\/2025\/07\/cropped-uj-logo.png","contentUrl":"https:\/\/yupie.app\/wp-content\/uploads\/2025\/07\/cropped-uj-logo.png","width":500,"height":208,"caption":"yupie.app"},"image":{"@id":"https:\/\/yupie.app\/#\/schema\/logo\/image\/"},"sameAs":["https:\/\/www.facebook.com\/profile.php?id=100089345417295"]}]}},"jetpack_sharing_enabled":true,"_links":{"self":[{"href":"https:\/\/yupie.app\/ro\/wp-json\/wp\/v2\/product\/52407","targetHints":{"allow":["GET"]}}],"collection":[{"href":"https:\/\/yupie.app\/ro\/wp-json\/wp\/v2\/product"}],"about":[{"href":"https:\/\/yupie.app\/ro\/wp-json\/wp\/v2\/types\/product"}],"version-history":[{"count":0,"href":"https:\/\/yupie.app\/ro\/wp-json\/wp\/v2\/product\/52407\/revisions"}],"wp:featuredmedia":[{"embeddable":true,"href":"https:\/\/yupie.app\/ro\/wp-json\/wp\/v2\/media\/52409"}],"wp:attachment":[{"href":"https:\/\/yupie.app\/ro\/wp-json\/wp\/v2\/media?parent=52407"}],"wp:term":[{"taxonomy":"product_brand","embeddable":true,"href":"https:\/\/yupie.app\/ro\/wp-json\/wp\/v2\/product_brand?post=52407"},{"taxonomy":"product_cat","embeddable":true,"href":"https:\/\/yupie.app\/ro\/wp-json\/wp\/v2\/product_cat?post=52407"},{"taxonomy":"product_tag","embeddable":true,"href":"https:\/\/yupie.app\/ro\/wp-json\/wp\/v2\/product_tag?post=52407"}],"curies":[{"name":"wp","href":"https:\/\/api.w.org\/{rel}","templated":true}]}}